{"version":"1.0","provider_name":"Sol Marzellier Traductores - Le vrai sense","provider_url":"https:\/\/www.smtraductores.com\/fr-fr","author_name":"Eduardo","author_url":"https:\/\/www.smtraductores.com\/fr-fr\/author\/eduardo\/","title":"SP\u00c9CIAL COVID 19 ET SANT\u00c9 MENTALE - Sol Marzellier Traductores - Le vrai sense","type":"rich","width":600,"height":338,"html":"<blockquote class=\"wp-embedded-content\" data-secret=\"TJAyZEzB6a\"><a href=\"https:\/\/www.smtraductores.com\/fr-fr\/2021\/03\/15\/special-covid-19-et-sante-mentale\/\">SP\u00c9CIAL COVID 19 ET SANT\u00c9 MENTALE<\/a><\/blockquote><iframe sandbox=\"allow-scripts\" security=\"restricted\" src=\"https:\/\/www.smtraductores.com\/fr-fr\/2021\/03\/15\/special-covid-19-et-sante-mentale\/embed\/#?secret=TJAyZEzB6a\" width=\"600\" height=\"338\" title=\"\u00ab\u00a0SP\u00c9CIAL COVID 19 ET SANT\u00c9 MENTALE\u00a0\u00bb &#8212; Sol Marzellier Traductores - Le vrai sense\" data-secret=\"TJAyZEzB6a\" frameborder=\"0\" marginwidth=\"0\" marginheight=\"0\" scrolling=\"no\" class=\"wp-embedded-content\"><\/iframe><script>\n\/*! This file is auto-generated *\/\n!function(d,l){\"use strict\";l.querySelector&&d.addEventListener&&\"undefined\"!=typeof URL&&(d.wp=d.wp||{},d.wp.receiveEmbedMessage||(d.wp.receiveEmbedMessage=function(e){var t=e.data;if((t||t.secret||t.message||t.value)&&!\/[^a-zA-Z0-9]\/.test(t.secret)){for(var s,r,n,a=l.querySelectorAll('iframe[data-secret=\"'+t.secret+'\"]'),o=l.querySelectorAll('blockquote[data-secret=\"'+t.secret+'\"]'),c=new RegExp(\"^https?:$\",\"i\"),i=0;i<o.length;i++)o[i].style.display=\"none\";for(i=0;i<a.length;i++)s=a[i],e.source===s.contentWindow&&(s.removeAttribute(\"style\"),\"height\"===t.message?(1e3<(r=parseInt(t.value,10))?r=1e3:~~r<200&&(r=200),s.height=r):\"link\"===t.message&&(r=new URL(s.getAttribute(\"src\")),n=new URL(t.value),c.test(n.protocol))&&n.host===r.host&&l.activeElement===s&&(d.top.location.href=t.value))}},d.addEventListener(\"message\",d.wp.receiveEmbedMessage,!1),l.addEventListener(\"DOMContentLoaded\",function(){for(var e,t,s=l.querySelectorAll(\"iframe.wp-embedded-content\"),r=0;r<s.length;r++)(t=(e=s[r]).getAttribute(\"data-secret\"))||(t=Math.random().toString(36).substring(2,12),e.src+=\"#?secret=\"+t,e.setAttribute(\"data-secret\",t)),e.contentWindow.postMessage({message:\"ready\",secret:t},\"*\")},!1)))}(window,document);\n\/\/# sourceURL=https:\/\/www.smtraductores.com\/fr-fr\/wp-includes\/js\/wp-embed.min.js\n<\/script>\n","thumbnail_url":"https:\/\/web.smtraductores.com\/wp-content\/uploads\/sites\/3\/2021\/03\/21131521\/covid-19-and-mental-health.png","thumbnail_width":978,"thumbnail_height":652,"description":"#jerestealamaison Les infirmi\u00e8res des PS en Catalogne \u00e9tablissent des r\u00e8gles salutaires pendant la dur\u00e9e du confinement d\u00fb au coronavirus. Face au confinement de tout le territoire espagnol aux effets de freiner l\u2019\u00e9pid\u00e9mie du coronavirus, les infirmi\u00e8res des PS (Premiers Soins) en Catalogne pr\u00e9conisent une s\u00e9rie d\u2019habitudes salutaires pendant la dur\u00e9e du confinement. Cette situation entra\u00eene [&hellip;]"}